{"id":2800,"date":"2025-06-24T11:30:20","date_gmt":"2025-06-24T11:30:20","guid":{"rendered":"https:\/\/shop.variatel.de\/?product=varia-xxxl-karta-esim"},"modified":"2025-07-29T02:30:02","modified_gmt":"2025-07-29T02:30:02","slug":"varia-xxxl-karta-esim","status":"publish","type":"product","link":"https:\/\/shop.variatel.de\/?product=varia-xxxl-karta-esim&lang=pl","title":{"rendered":"Varia XXXL \u2013 karta eSIM"},"content":{"rendered":"<p>Przebojowa powie\u015b\u0107 szpiegowska czy list mi\u0142osny? Wszystko, co napiszesz za pomoc\u0105 tej zabytkowej maszyny do pisania z lat 20., z pewno\u015bci\u0105 pozostawi \u015blad. <\/p>\n","protected":false},"excerpt":{"rendered":"<ul>\n<li data-start=\"62\" data-end=\"225\"><strong data-start=\"62\" data-end=\"113\">Plan 44,99 \u20ac \u2013 Ultra Wysoka Data i Globalny Zasi\u0119g<\/strong><br data-start=\"113\" data-end=\"116\">Najwy\u017cszej klasy plan z ogromnymi zbiorami danych, minutami mi\u0119dzynarodowymi i pe\u0142n\u0105 \u0142\u0105czno\u015bci\u0105 \u2013 bez umowy, pe\u0142na elastyczno\u015b\u0107.<\/li>\n<li data-start=\"227\" data-end=\"402\"><strong data-start=\"227\" data-end=\"266\">113 GB + do 170 GB Bonus lojalno\u015bciowy<\/strong><br data-start=\"266\" data-end=\"269\">Zacznij od ogromnych 113 GB danych 5G (do 50 Mbit\/s) \u2013 i odblokuj do <strong data-start=\"342\" data-end=\"352\">170 GB<\/strong> dzi\u0119ki naszej <strong data-start=\"362\" data-end=\"381\">nagrodzie lojalno\u015bciowej\u00b9<\/strong> , im d\u0142u\u017cej zostajesz w firmie.<\/li>\n<li data-start=\"404\" data-end=\"550\"><strong data-start=\"404\" data-end=\"435\">500 minut do kraj\u00f3w UE<\/strong><br data-start=\"435\" data-end=\"438\">Obejmuje 500 minut na po\u0142\u0105czenia:<br data-start=\"469\" data-end=\"472\">\u2022 Na terenie Niemiec<br data-start=\"488\" data-end=\"491\">\u2022 Z Niemiec do 30 kraj\u00f3w UE<br data-start=\"524\" data-end=\"527\"><strong data-start=\"527\" data-end=\"550\">Roaming w UE wliczony w cen\u0119<\/strong><\/li>\n<li data-start=\"552\" data-end=\"677\"><strong data-start=\"552\" data-end=\"589\">500 minut do 35 dodatkowych kraj\u00f3w<\/strong><br data-start=\"589\" data-end=\"592\">Dzwo\u0144 z Niemiec do 35 dodatkowych mi\u0119dzynarodowych destynacji \u2013 500 minut w cenie.<\/li>\n<li data-start=\"679\" data-end=\"772\"><strong data-start=\"679\" data-end=\"697\">Mieszkanie wsp\u00f3lnotowe<\/strong><br data-start=\"697\" data-end=\"700\">Nielimitowane po\u0142\u0105czenia z innymi u\u017cytkownikami Variatel \u2013 pozosta\u0144 w kontakcie bez ogranicze\u0144.<\/li>\n<li data-start=\"774\" data-end=\"872\"><strong data-start=\"774\" data-end=\"807\">Po\u0142\u0105czenia VoLTE i Wi-Fi w cenie<\/strong><br data-start=\"807\" data-end=\"810\">Wysoka jako\u015b\u0107 po\u0142\u0105cze\u0144, nawet przy s\u0142abym sygnale \u2013 przez VoLTE lub WiFi.<\/li>\n<li data-start=\"973\" data-end=\"1046\"><strong data-start=\"973\" data-end=\"992\">\u0141atwa aktywacja<\/strong><br data-start=\"992\" data-end=\"995\">Aktywuj sw\u00f3j plan, wybieraj\u0105c numer:<br data-start=\"1025\" data-end=\"1028\"><strong data-start=\"1028\" data-end=\"1046\">*130*105# \ud83d\udcde<\/strong><\/li>\n<li data-start=\"1048\" data-end=\"1130\"><strong data-start=\"1048\" data-end=\"1058\">Premia:<\/strong><br data-start=\"1058\" data-end=\"1061\">Obejmuje <strong data-start=\"1070\" data-end=\"1091\">dodatkowe 100 minut<\/strong> z Niemiec do jeszcze wi\u0119kszej liczby kraj\u00f3w.**<\/li>\n<li data-start=\"350\" data-end=\"630\"><strong data-start=\"350\" data-end=\"377\">Elastyczne opcje do\u0142adowa\u0144<\/strong><br data-start=\"377\" data-end=\"380\">Do\u0142adowuj z \u0142atwo\u015bci\u0105 za pomoc\u0105 kart do\u0142adowuj\u0105cych Variatel dost\u0119pnych w Rewe, Penny, kioskach, punktach telefonicznych, kafejkach internetowych i we wszystkich oddzia\u0142ach Deutsche Post. Wolisz online? Do\u0142aduj konto w dowolnym momencie <a class=\"\" href=\"http:\/\/www.variatel.de\" target=\"_new\" rel=\"noopener\" data-start=\"552\" data-end=\"593\">www.variatel.de<\/a> za pomoc\u0105 karty PayPal, debetowej lub kredytowej.  <\/li>\n<li data-start=\"634\" data-end=\"742\"><strong data-start=\"634\" data-end=\"668\">Brak umowy \u2013 pe\u0142na elastyczno\u015b\u0107<\/strong><br data-start=\"668\" data-end=\"671\">Ciesz si\u0119 ca\u0142kowit\u0105 swobod\u0105, bez wi\u0105\u017c\u0105cej umowy i d\u0142ugoterminowych zobowi\u0105za\u0144.<\/li>\n<li data-start=\"746\" data-end=\"858\"><strong data-start=\"746\" data-end=\"771\">Pe\u0142na kontrola koszt\u00f3w<\/strong><br data-start=\"771\" data-end=\"774\">Zawsze miej kontrol\u0119 nad swoim u\u017cytkowaniem i wydatkami \u2014 bez niespodzianek, tylko przejrzysto\u015b\u0107.<\/li>\n<\/ul>\n","protected":false},"featured_media":2804,"template":"","meta":{"_acf_changed":false},"product_brand":[27],"product_cat":[274,275,266],"product_tag":[246,214,218],"class_list":{"0":"post-2800","1":"product","2":"type-product","3":"status-publish","4":"has-post-thumbnail","6":"product_brand-variatel-mobile-plans","7":"product_cat-karta-graficzna-esim","8":"product_cat-pakiet","9":"product_cat-wszystkie","10":"product_tag-bundle-pl","11":"product_tag-esim-pl","12":"product_tag-varia-xxxl-pl","13":"product_shipping_class-postal-sim","15":"first","16":"instock","17":"sold-individually","18":"taxable","19":"shipping-taxable","20":"purchasable","21":"product-type-simple"},"acf":[],"_links":{"self":[{"href":"https:\/\/shop.variatel.de\/index.php?rest_route=\/wp\/v2\/product\/2800","targetHints":{"allow":["GET"]}}],"collection":[{"href":"https:\/\/shop.variatel.de\/index.php?rest_route=\/wp\/v2\/product"}],"about":[{"href":"https:\/\/shop.variatel.de\/index.php?rest_route=\/wp\/v2\/types\/product"}],"version-history":[{"count":2,"href":"https:\/\/shop.variatel.de\/index.php?rest_route=\/wp\/v2\/product\/2800\/revisions"}],"predecessor-version":[{"id":2999,"href":"https:\/\/shop.variatel.de\/index.php?rest_route=\/wp\/v2\/product\/2800\/revisions\/2999"}],"wp:featuredmedia":[{"embeddable":true,"href":"https:\/\/shop.variatel.de\/index.php?rest_route=\/wp\/v2\/media\/2804"}],"wp:attachment":[{"href":"https:\/\/shop.variatel.de\/index.php?rest_route=%2Fwp%2Fv2%2Fmedia&parent=2800"}],"wp:term":[{"taxonomy":"product_brand","embeddable":true,"href":"https:\/\/shop.variatel.de\/index.php?rest_route=%2Fwp%2Fv2%2Fproduct_brand&post=2800"},{"taxonomy":"product_cat","embeddable":true,"href":"https:\/\/shop.variatel.de\/index.php?rest_route=%2Fwp%2Fv2%2Fproduct_cat&post=2800"},{"taxonomy":"product_tag","embeddable":true,"href":"https:\/\/shop.variatel.de\/index.php?rest_route=%2Fwp%2Fv2%2Fproduct_tag&post=2800"}],"curies":[{"name":"wp","href":"https:\/\/api.w.org\/{rel}","templated":true}]}}