{"id":2345,"date":"2025-07-03T08:44:18","date_gmt":"2025-07-03T08:44:18","guid":{"rendered":"https:\/\/shop.variatel.de\/?product=varia-m-esim"},"modified":"2025-07-29T02:26:28","modified_gmt":"2025-07-29T02:26:28","slug":"varia-m-esim","status":"publish","type":"product","link":"https:\/\/shop.variatel.de\/?product=varia-m-esim&lang=ro","title":{"rendered":"Varia M \u2013 eSIM"},"content":{"rendered":"<p>Un roman de spionaj de succes sau o scrisoare de dragoste? Orice scrii folosind aceast\u0103 ma\u0219in\u0103 de scris de epoc\u0103 din anii &#8217;20 este menit s\u0103 lase o urm\u0103. <\/p>\n","protected":false},"excerpt":{"rendered":"<ul>\n<li data-start=\"88\" data-end=\"203\"><strong data-start=\"88\" data-end=\"123\">Plan de 14,99 \u20ac \u2013 Plin de valoare<\/strong><br data-start=\"123\" data-end=\"126\">Bucura\u021bi-v\u0103 de mai multe date, mai multe minute \u0219i flexibilitate deplin\u0103 &#8211; totul f\u0103r\u0103 contract.<\/li>\n<li data-start=\"205\" data-end=\"380\"><strong data-start=\"205\" data-end=\"242\">22 GB + Bonus de loialitate de p\u00e2n\u0103 la 33 GB<\/strong><br data-start=\"242\" data-end=\"245\">\u00cencepe\u021bi cu 22 GB de date 5G de mare vitez\u0103 (p\u00e2n\u0103 la 50 Mbit\/s) \u0219i decupla\u021bi p\u00e2n\u0103 la <strong data-start=\"321\" data-end=\"330\">33 GB<\/strong> cu recompensa noastr\u0103 de <strong data-start=\"340\" data-end=\"359\">loialitate\u00b9<\/strong> cu c\u00e2t r\u0103m\u00e2ne\u021bi mai mult.<\/li>\n<li data-start=\"382\" data-end=\"477\"><strong data-start=\"382\" data-end=\"413\">150 de minute p\u00e2n\u0103 \u00een \u021b\u0103rile UE<\/strong><br data-start=\"413\" data-end=\"416\">Sun\u0103 din Germania \u00een 30 de \u021b\u0103ri UE \u2013 inclus \u00een planul t\u0103u.<\/li>\n<li data-start=\"479\" data-end=\"602\"><strong data-start=\"479\" data-end=\"516\">100 de minute c\u0103tre 35 de \u021b\u0103ri suplimentare<\/strong><br data-start=\"516\" data-end=\"519\">De asemenea, include 100 de minute din Germania c\u0103tre 35 de destina\u021bii interna\u021bionale suplimentare.<\/li>\n<li data-start=\"604\" data-end=\"720\"><strong data-start=\"604\" data-end=\"638\">Apeluri nelimitate \u00een Germania<\/strong><br data-start=\"638\" data-end=\"641\">Bucura\u021bi-v\u0103 de un <strong data-start=\"650\" data-end=\"665\">Allnet Flat<\/strong> pentru toate re\u021belele din Germania \u2013 vorbi\u021bi c\u00e2t dori\u021bi.<\/li>\n<li data-start=\"722\" data-end=\"808\"><strong data-start=\"722\" data-end=\"745\">Roaming UE inclus<\/strong><br data-start=\"745\" data-end=\"748\">R\u0103m\u00e2ne\u021bi conectat \u00een timp ce c\u0103l\u0103tori\u021bi \u00een UE \u2013 f\u0103r\u0103 costuri suplimentare.<\/li>\n<li data-start=\"810\" data-end=\"918\"><strong data-start=\"810\" data-end=\"843\">VoLTE \u0219i apeluri WiFi incluse<\/strong><br data-start=\"843\" data-end=\"846\">Ob\u021bine\u021bi o calitate clar\u0103 a vocii, chiar \u0219i \u00een locuri cu semnal mobil slab.<\/li>\n<li data-start=\"920\" data-end=\"1019\"><strong data-start=\"920\" data-end=\"951\">F\u0103r\u0103 contract \u2013 libertate total\u0103<\/strong><br data-start=\"951\" data-end=\"954\">F\u0103r\u0103 angajament pe termen lung sau taxe ascunse. E\u0219ti \u00eentotdeauna \u00een control. <\/li>\n<li data-start=\"1021\" data-end=\"1102\"><strong data-start=\"1021\" data-end=\"1040\">Activare u\u0219oar\u0103<\/strong><br data-start=\"1040\" data-end=\"1043\">Activa\u021bi acest plan oric\u00e2nd, form\u00e2nd:<br data-start=\"1081\" data-end=\"1084\"><strong data-start=\"1084\" data-end=\"1102\">*130*101# \ud83d\udcde<\/strong><\/li>\n<li data-start=\"348\" data-end=\"630\">\n<p data-start=\"350\" data-end=\"630\"><strong data-start=\"350\" data-end=\"377\">Op\u021biuni flexibile de re\u00eenc\u0103rcare<\/strong><br data-start=\"377\" data-end=\"380\">Re\u00eenc\u0103rca\u021bi-v\u0103 cu u\u0219urin\u021b\u0103 cu cardurile de re\u00eenc\u0103rcare Variatel disponibile la Rewe, Penny, chio\u0219curi, magazine de apeluri, internet cafe-uri \u0219i toate sucursalele Deutsche Post. Preferi online? Re\u00eenc\u0103rca\u021bi oric\u00e2nd la <a class=\"\" href=\"http:\/\/www.variatel.de\" target=\"_new\" rel=\"noopener\" data-start=\"552\" data-end=\"593\">www.variatel.de<\/a> folosind cardul de PayPal, de debit sau de credit.  <\/p>\n<\/li>\n<li data-start=\"632\" data-end=\"742\">\n<p data-start=\"634\" data-end=\"742\"><strong data-start=\"634\" data-end=\"668\">F\u0103r\u0103 contract \u2013 flexibilitate deplin\u0103<\/strong><br data-start=\"668\" data-end=\"671\">Bucura\u021bi-v\u0103 de libertate total\u0103, f\u0103r\u0103 contracte obligatorii sau obliga\u021bii pe termen lung.<\/p>\n<\/li>\n<li data-start=\"744\" data-end=\"858\">\n<p data-start=\"746\" data-end=\"858\"><strong data-start=\"746\" data-end=\"771\">Control complet al costurilor<\/strong><br data-start=\"771\" data-end=\"774\">P\u0103stra\u021bi \u00eentotdeauna controlul asupra utiliz\u0103rii \u0219i cheltuielilor &#8211; f\u0103r\u0103 surprize, doar transparen\u021b\u0103.<\/p>\n<\/li>\n<\/ul>\n","protected":false},"featured_media":2346,"template":"","meta":{"_acf_changed":false},"product_brand":[27],"product_cat":[260,263,261],"product_tag":[247,215,235],"class_list":{"0":"post-2345","1":"product","2":"type-product","3":"status-publish","4":"has-post-thumbnail","6":"product_brand-variatel-mobile-plans","7":"product_cat-esim-ro","8":"product_cat-snop","9":"product_cat-toate","10":"product_tag-bundle-ro","11":"product_tag-esim-ro","12":"product_tag-varia-m-ro","13":"product_shipping_class-postal-sim","15":"first","16":"instock","17":"sold-individually","18":"taxable","19":"shipping-taxable","20":"purchasable","21":"product-type-simple"},"acf":[],"_links":{"self":[{"href":"https:\/\/shop.variatel.de\/index.php?rest_route=\/wp\/v2\/product\/2345","targetHints":{"allow":["GET"]}}],"collection":[{"href":"https:\/\/shop.variatel.de\/index.php?rest_route=\/wp\/v2\/product"}],"about":[{"href":"https:\/\/shop.variatel.de\/index.php?rest_route=\/wp\/v2\/types\/product"}],"version-history":[{"count":2,"href":"https:\/\/shop.variatel.de\/index.php?rest_route=\/wp\/v2\/product\/2345\/revisions"}],"predecessor-version":[{"id":2844,"href":"https:\/\/shop.variatel.de\/index.php?rest_route=\/wp\/v2\/product\/2345\/revisions\/2844"}],"wp:featuredmedia":[{"embeddable":true,"href":"https:\/\/shop.variatel.de\/index.php?rest_route=\/wp\/v2\/media\/2346"}],"wp:attachment":[{"href":"https:\/\/shop.variatel.de\/index.php?rest_route=%2Fwp%2Fv2%2Fmedia&parent=2345"}],"wp:term":[{"taxonomy":"product_brand","embeddable":true,"href":"https:\/\/shop.variatel.de\/index.php?rest_route=%2Fwp%2Fv2%2Fproduct_brand&post=2345"},{"taxonomy":"product_cat","embeddable":true,"href":"https:\/\/shop.variatel.de\/index.php?rest_route=%2Fwp%2Fv2%2Fproduct_cat&post=2345"},{"taxonomy":"product_tag","embeddable":true,"href":"https:\/\/shop.variatel.de\/index.php?rest_route=%2Fwp%2Fv2%2Fproduct_tag&post=2345"}],"curies":[{"name":"wp","href":"https:\/\/api.w.org\/{rel}","templated":true}]}}