{"id":2323,"date":"2025-07-03T10:39:39","date_gmt":"2025-07-03T10:39:39","guid":{"rendered":"https:\/\/shop.variatel.de\/?product=varia-xl-sim"},"modified":"2025-07-29T02:26:46","modified_gmt":"2025-07-29T02:26:46","slug":"varia-xl-sim","status":"publish","type":"product","link":"https:\/\/shop.variatel.de\/?product=varia-xl-sim&lang=ro","title":{"rendered":"Varia XL \u2013 SIM"},"content":{"rendered":"<p>Un roman de spionaj de succes sau o scrisoare de dragoste? Orice scrii folosind aceast\u0103 ma\u0219in\u0103 de scris de epoc\u0103 din anii &#8217;20 este menit s\u0103 lase o urm\u0103. <\/p>\n","protected":false},"excerpt":{"rendered":"<ul>\n<li data-start=\"71\" data-end=\"217\"><strong data-start=\"71\" data-end=\"116\">Plan de 24,99 \u20ac \u2013 Date maxime, libertate total\u0103<\/strong><br data-start=\"116\" data-end=\"119\">Pentru utilizatorii avansa\u021bi care doresc totul: mai multe date, mai multe minute \u0219i flexibilitate complet\u0103 f\u0103r\u0103 contract.<\/li>\n<li data-start=\"219\" data-end=\"379\"><strong data-start=\"219\" data-end=\"256\">46 GB + Bonus de loialitate de p\u00e2n\u0103 la 69 GB<\/strong><br data-start=\"256\" data-end=\"259\">\u00cencepe\u021bi cu 46 GB de date 5G (p\u00e2n\u0103 la 50 Mbit\/s) \u0219i debloca\u021bi p\u00e2n\u0103 la <strong data-start=\"330\" data-end=\"339\">69 GB<\/strong> cu recompensa noastr\u0103 de <strong data-start=\"349\" data-end=\"368\">loialitate\u00b9<\/strong> \u00een timp.<\/li>\n<li data-start=\"381\" data-end=\"512\"><strong data-start=\"381\" data-end=\"412\">300 de minute p\u00e2n\u0103 \u00een \u021b\u0103rile UE<\/strong><br data-start=\"412\" data-end=\"415\">Include 300 de minute din Germania c\u0103tre 30 de \u021b\u0103ri din UE &#8211; perfect pentru familie, prieteni \u0219i afaceri.<\/li>\n<li data-start=\"514\" data-end=\"630\"><strong data-start=\"514\" data-end=\"551\">200 de minute c\u0103tre 35 de \u021b\u0103ri suplimentare<\/strong><br data-start=\"551\" data-end=\"554\">De asemenea, include 200 de minute din Germania c\u0103tre alte 35 de \u021b\u0103ri din \u00eentreaga lume.<\/li>\n<li data-start=\"632\" data-end=\"732\"><strong data-start=\"632\" data-end=\"666\">Apeluri nelimitate \u00een Germania<\/strong><br data-start=\"666\" data-end=\"669\"><strong data-start=\"669\" data-end=\"684\">Allnet Flat<\/strong> \u2013 bucura\u021bi-v\u0103 de apeluri nelimitate c\u0103tre toate re\u021belele germane.<\/li>\n<li data-start=\"734\" data-end=\"825\"><strong data-start=\"734\" data-end=\"757\">Roaming UE inclus<\/strong><br data-start=\"757\" data-end=\"760\">R\u0103m\u00e2ne\u021bi conectat atunci c\u00e2nd c\u0103l\u0103tori\u021bi \u00een UE \u2013 f\u0103r\u0103 taxe suplimentare.<\/li>\n<li data-start=\"827\" data-end=\"957\"><strong data-start=\"827\" data-end=\"860\">VoLTE \u0219i apeluri WiFi incluse<\/strong><br data-start=\"860\" data-end=\"863\">Apeluri vocale clare chiar \u0219i \u00een zonele cu recep\u021bie slab\u0103, datorit\u0103 VoLTE \u0219i WiFi Calling.<\/li>\n<li data-start=\"1063\" data-end=\"1144\"><strong data-start=\"1063\" data-end=\"1082\">Activare u\u0219oar\u0103<\/strong><br data-start=\"1082\" data-end=\"1085\">Activa\u021bi-v\u0103 planul oric\u00e2nd form\u00e2nd:<br data-start=\"1123\" data-end=\"1126\"><strong data-start=\"1126\" data-end=\"1144\">*130*103# \ud83d\udcde<\/strong><\/li>\n<li data-start=\"1063\" data-end=\"1144\"><strong data-start=\"350\" data-end=\"377\">Op\u021biuni flexibile de re\u00eenc\u0103rcare<\/strong><br data-start=\"377\" data-end=\"380\">Re\u00eenc\u0103rca\u021bi-v\u0103 cu u\u0219urin\u021b\u0103 cu cardurile de re\u00eenc\u0103rcare Variatel disponibile la Rewe, Penny, chio\u0219curi, magazine de apeluri, internet cafe-uri \u0219i toate sucursalele Deutsche Post. Preferi online? Re\u00eenc\u0103rca\u021bi oric\u00e2nd la <a class=\"\" href=\"http:\/\/www.variatel.de\" target=\"_new\" rel=\"noopener\" data-start=\"552\" data-end=\"593\">www.variatel.de<\/a> folosind cardul de PayPal, de debit sau de credit.  <\/li>\n<li data-start=\"1063\" data-end=\"1144\"><strong data-start=\"634\" data-end=\"668\">F\u0103r\u0103 contract \u2013 flexibilitate deplin\u0103<\/strong><br data-start=\"668\" data-end=\"671\">Bucura\u021bi-v\u0103 de libertate total\u0103, f\u0103r\u0103 contracte obligatorii sau obliga\u021bii pe termen lung.<\/li>\n<li data-start=\"1063\" data-end=\"1144\"><strong data-start=\"746\" data-end=\"771\">Control complet al costurilor<\/strong><br data-start=\"771\" data-end=\"774\">P\u0103stra\u021bi \u00eentotdeauna controlul asupra utiliz\u0103rii \u0219i cheltuielilor &#8211; f\u0103r\u0103 surprize, doar transparen\u021b\u0103.<\/li>\n<\/ul>\n","protected":false},"featured_media":2312,"template":"","meta":{"_acf_changed":false},"product_brand":[27],"product_cat":[260,259,261],"product_tag":[247,243,227],"class_list":{"0":"post-2323","1":"product","2":"type-product","3":"status-publish","4":"has-post-thumbnail","6":"product_brand-variatel-mobile-plans","7":"product_cat-esim-ro","8":"product_cat-sim-ro","9":"product_cat-toate","10":"product_tag-bundle-ro","11":"product_tag-sim-ro","12":"product_tag-varia-xl-ro","13":"product_shipping_class-postal-sim","15":"first","16":"instock","17":"sold-individually","18":"taxable","19":"shipping-taxable","20":"purchasable","21":"product-type-simple"},"acf":[],"_links":{"self":[{"href":"https:\/\/shop.variatel.de\/index.php?rest_route=\/wp\/v2\/product\/2323","targetHints":{"allow":["GET"]}}],"collection":[{"href":"https:\/\/shop.variatel.de\/index.php?rest_route=\/wp\/v2\/product"}],"about":[{"href":"https:\/\/shop.variatel.de\/index.php?rest_route=\/wp\/v2\/types\/product"}],"version-history":[{"count":2,"href":"https:\/\/shop.variatel.de\/index.php?rest_route=\/wp\/v2\/product\/2323\/revisions"}],"predecessor-version":[{"id":2861,"href":"https:\/\/shop.variatel.de\/index.php?rest_route=\/wp\/v2\/product\/2323\/revisions\/2861"}],"wp:featuredmedia":[{"embeddable":true,"href":"https:\/\/shop.variatel.de\/index.php?rest_route=\/wp\/v2\/media\/2312"}],"wp:attachment":[{"href":"https:\/\/shop.variatel.de\/index.php?rest_route=%2Fwp%2Fv2%2Fmedia&parent=2323"}],"wp:term":[{"taxonomy":"product_brand","embeddable":true,"href":"https:\/\/shop.variatel.de\/index.php?rest_route=%2Fwp%2Fv2%2Fproduct_brand&post=2323"},{"taxonomy":"product_cat","embeddable":true,"href":"https:\/\/shop.variatel.de\/index.php?rest_route=%2Fwp%2Fv2%2Fproduct_cat&post=2323"},{"taxonomy":"product_tag","embeddable":true,"href":"https:\/\/shop.variatel.de\/index.php?rest_route=%2Fwp%2Fv2%2Fproduct_tag&post=2323"}],"curies":[{"name":"wp","href":"https:\/\/api.w.org\/{rel}","templated":true}]}}